{"id":57,"date":"2020-04-16T14:41:17","date_gmt":"2020-04-16T17:41:17","guid":{"rendered":"http:\/\/sescpr.dv\/doe-mesa-brasil\/?page_id=29"},"modified":"2026-03-13T09:05:55","modified_gmt":"2026-03-13T12:05:55","slug":"inicio","status":"publish","type":"page","link":"https:\/\/www.sescpr.com.br\/mesabrasil\/","title":{"rendered":"In\u00edcio"},"content":{"rendered":"\n<div style=\"height:100px\" aria-hidden=\"true\" class=\"wp-block-spacer\"><\/div>\n\n\n\n<div class=\"w-100\">\n    <section id=\"slide-3639\" class=\"splide-plugin mx-auto splide\" aria-label=\"\" style=\"position: relative;\">\n        <div class=\"splide__track\">\n            <ul class=\"splide__list relative pe-5\">\n                \n<li class=\"splide__slide \" style=\"object-fit: cover; object-position: center\">\n    <div class=\" w-100 h-100  card-carrossel position-relative \" onclick=\"\">\n        <img decoding=\"async\" class='w-100 h-100' src=\"https:\/\/www.sescpr.com.br\/mesabrasil\/wp-content\/uploads\/sites\/54\/2026\/03\/1-Sliders-com-numeros-de-2005_Prancheta-1-01-scaled.jpg\" style=\"object-fit: cover; object-position: center\">\n        <div class=\" w-100 h-100 position-absolute  \" style=\"top: 0; left: 0; background:\">\n        <\/div>\n        <div class=\" w-100 h-100 position-absolute card-overlay\" style=\"top: 0; left: 0; background:\">\n            <div class=\"w-100  h-100 d-flex  justify-content- align-items- text- titulo-overlay-img\">\n                <div style=\"\">\n                                    <\/div>\n            <\/div>\n        <\/div>\n    <\/div>\n<\/li>\n\n<li class=\"splide__slide \" style=\"object-fit: cover; object-position: center\">\n    <div class=\" w-100 h-100  card-carrossel position-relative \" onclick=\"\">\n        <img decoding=\"async\" class='w-100 h-100' src=\"https:\/\/www.sescpr.com.br\/mesabrasil\/wp-content\/uploads\/sites\/54\/2026\/03\/Corrigido_4-.jpg\" style=\"object-fit: cover; object-position: center\">\n        <div class=\" w-100 h-100 position-absolute  \" style=\"top: 0; left: 0; background:\">\n        <\/div>\n        <div class=\" w-100 h-100 position-absolute card-overlay\" style=\"top: 0; left: 0; background:\">\n            <div class=\"w-100  h-100 d-flex  justify-content- align-items- text- titulo-overlay-img\">\n                <div style=\"\">\n                                    <\/div>\n            <\/div>\n        <\/div>\n    <\/div>\n<\/li>\n\n<li class=\"splide__slide \" style=\"object-fit: cover; object-position: center\">\n    <div class=\" w-100 h-100  card-carrossel position-relative \" onclick=\"\">\n        <img decoding=\"async\" class='w-100 h-100' src=\"https:\/\/www.sescpr.com.br\/mesabrasil\/wp-content\/uploads\/sites\/54\/2026\/03\/Corrigido_3-.jpg\" style=\"object-fit: cover; object-position: center\">\n        <div class=\" w-100 h-100 position-absolute  \" style=\"top: 0; left: 0; background:\">\n        <\/div>\n        <div class=\" w-100 h-100 position-absolute card-overlay\" style=\"top: 0; left: 0; background:\">\n            <div class=\"w-100  h-100 d-flex  justify-content- align-items- text- titulo-overlay-img\">\n                <div style=\"\">\n                                    <\/div>\n            <\/div>\n        <\/div>\n    <\/div>\n<\/li>\n\n<li class=\"splide__slide \" style=\"object-fit: cover; object-position: center\">\n    <div class=\" w-100 h-100  card-carrossel position-relative \" onclick=\"\">\n        <img decoding=\"async\" class='w-100 h-100' src=\"https:\/\/www.sescpr.com.br\/mesabrasil\/wp-content\/uploads\/sites\/54\/2026\/03\/2-Sliders-com-numeros-de-2005_Prancheta-1-02-scaled.jpg\" style=\"object-fit: cover; object-position: center\">\n        <div class=\" w-100 h-100 position-absolute  \" style=\"top: 0; left: 0; background:\">\n        <\/div>\n        <div class=\" w-100 h-100 position-absolute card-overlay\" style=\"top: 0; left: 0; background:\">\n            <div class=\"w-100  h-100 d-flex  justify-content- align-items- text- titulo-overlay-img\">\n                <div style=\"\">\n                                    <\/div>\n            <\/div>\n        <\/div>\n    <\/div>\n<\/li>\n\n            <\/ul>\n        <\/div>\n    <\/section>\n<\/div>\n\n<script>\r\ndocument.addEventListener(\"DOMContentLoaded\", function() {\r\n\r\n    var config = JSON.parse('{\"height\":{\"type\":\"string\",\"value\":\"100%\"},\"type\":{\"type\":[\"slide\",\"fade\",\"loop\"],\"value\":\"loop\"},\"perPage\":{\"type\":\"int\",\"value\":\"1\"},\"width\":{\"type\":\"string\",\"value\":\"100vw\"},\"focus\":{\"type\":\"string\",\"value\":\"center\"},\"interval\":{\"type\":\"int\",\"value\":\"3000\"},\"pagination\":{\"type\":\"bool\",\"value\":\"false\"},\"arrows\":{\"type\":\"bool\",\"value\":\"false\"},\"autoplay\":{\"type\":\"bool\",\"value\":\"true\"},\"pauseOnHover\":{\"type\":\"bool\",\"value\":\"false\"},\"rewind\":{\"type\":\"bool\",\"value\":\"false\"},\"padding\":{\"type\":\"int\",\"value\":\"1\"}}');\r\n\r\n    var configSlide = {};\r\n    for (var i in config) {\r\n        if (config[i].type == 'bool') {\r\n            configSlide[i] = config[i].value == 'true';\r\n        } else if (config[i].type == 'int') {\r\n            configSlide[i] = Number(config[i].value)\r\n        } else {\r\n            configSlide[i] = config[i].value;\r\n        }\r\n    }\r\n\r\n    configSlide.classes = {\r\n        prev: 'splide__arrow--prev',\r\n        next: 'splide__arrow--next',\r\n    }\r\n\r\n    var splidePlugin = new Splide(\"#slide-3639\", configSlide);\r\n    splidePlugin.mount();\r\n\r\n});\r\n<\/script>\r\n\r\n\r\n\n\n\n\n<div style=\"height:100px\" aria-hidden=\"true\" class=\"wp-block-spacer\"><\/div>\n\n\n\n<h2 class=\"wp-block-heading mt-2 has-large-font-size\" style=\"font-style:normal;font-weight:800\">FOME NO PARAN\u00c1<\/h2>\n\n\n\n<h2 class=\"wp-block-heading has-medium-font-size\" style=\"font-style:normal;font-weight:700;text-transform:uppercase\"><mark style=\"background-color:#ffffff;color:#065a8b\" class=\"has-inline-color\">Inseguran\u00e7a alimentar atinge 15 a cada 100 lares no Paran\u00e1<\/mark><br><\/h2>\n\n\n\n<p>Em 2024, cerca de <strong>15,3% dos lares do Paran\u00e1, aproximadamente 612 mil resid\u00eancias,<\/strong> enfrentaram algum grau de inseguran\u00e7a alimentar, segundo a PNAD Cont\u00ednua do IBGE. Na pr\u00e1tica, isso significa que muitas fam\u00edlias ainda n\u00e3o conseguem ter acesso regular e adequado a alimentos suficientes no dia a dia.<\/p>\n\n\n\n<p>Apesar de o cen\u00e1rio ainda exigir aten\u00e7\u00e3o, os dados tamb\u00e9m trazem uma boa not\u00edcia, pois, em compara\u00e7\u00e3o com o ano anterior, houve uma <strong>redu\u00e7\u00e3o de 2,6 pontos percentuais<\/strong> nos \u00edndices de inseguran\u00e7a alimentar. Esse avan\u00e7o mostra que, <strong>em conjunto com outras pol\u00edticas p\u00fablicas<\/strong>, iniciativas como os <strong>bancos de alimentos, a exemplo do Sesc Mesa Brasil<\/strong>, t\u00eam contribu\u00eddo de forma significativa para impactar positivamente os indicadores estaduais e refor\u00e7am a import\u00e2ncia de seguir investindo e ampliando essas a\u00e7\u00f5es.<\/p>\n\n\n\n<div style=\"height:25px\" aria-hidden=\"true\" class=\"wp-block-spacer\"><\/div>\n\n\n\n<div class=\"wp-block-columns is-layout-flex wp-container-core-columns-layout-1 wp-block-columns-is-layout-flex\">\n<div class=\"wp-block-column is-layout-flow wp-block-column-is-layout-flow\" style=\"flex-basis:33.33%\">\n<figure class=\"wp-block-image size-large is-style-default\"><img decoding=\"async\" src=\"https:\/\/www.sescpr.com.br\/mesabrasil\/wp-content\/uploads\/sites\/54\/2024\/12\/1080x1080px.jpg\" alt=\"\"\/><\/figure>\n<\/div>\n\n\n\n<div class=\"wp-block-column is-layout-flow wp-block-column-is-layout-flow\" style=\"flex-basis:66.66%\">\n<h2 class=\"wp-block-heading has-large-font-size\" style=\"font-style:normal;font-weight:800\">SESC MESA BRASIL<\/h2>\n\n\n\n<p>Ao olhar para o cen\u00e1rio da fome no Paran\u00e1 \u00e9 importante lembrar que cada n\u00famero representa a vida de uma pessoa. Pensando em transformar essas realidades, o Sesc criou o Programa Sesc Mesa Brasil, com o objetivo de redistribuir alimentos excedentes pr\u00f3prios para o consumo a entidades sociais e fam\u00edlias cadastradas, combatendo a fome e evitando o desperd\u00edcio.&nbsp;<\/p>\n\n\n\n<p><\/p>\n<\/div>\n<\/div>\n\n\n\n<div style=\"height:7px\" aria-hidden=\"true\" class=\"wp-block-spacer\"><\/div>\n\n\n\n<hr class=\"wp-block-coblocks-dynamic-separator\" style=\"height:20px\"\/>\n\n\n\n<div class=\"wp-block-group is-layout-constrained wp-block-group-is-layout-constrained\"><div class=\"wp-block-group__inner-container\">\n<h2 class=\"wp-block-heading\">DOA\u00c7\u00d5ES EM 2026<\/h2>\n\n\n\n<div id=\"arrecadometro\" class=\"wp-block-group my-5 is-layout-constrained wp-block-group-is-layout-constrained\"><div class=\"wp-block-group__inner-container\">\n<style>\n\t#arrecadometro {\n\t\tfont-family: \"Roboto\", sans-serif;\n\t}\n\n\t#arrecadometro .text-title {\n\t\tfill: #000;\n\t\tfont-size: 21px;\n\t\ttransform: translateY(0px);\n\t}\n\n\t#arrecadometro .text-content {\n\t\tfill: #000;\n\t\tfont-size: 18px;\n\t\ttransform: translateY(0px);\n\t}\n\n\t#arrecadometro .number-quant {\n\t\tfill: #002343;\n\t\tfont-weight: 600;\n\t\tfont-size: 50px;\n\t\ttransform: translateY(-55px);\n\t}\n\n\t<\/style>\n\n<div class=\"arrecadometro-style wp-block-create-block-arrecadometro\">\n\t\t\t<link rel=\"stylesheet\" href=\"https:\/\/fonts.googleapis.com\">\n\t\n\n\t<!-- DESKTOP -->\n\t<div\n\t\tid=\"arrecadometro\"\n\t\tclass=\"count-container\"\n\t\tdata-total=\"743929\"\n\t\tdata-duration=\"1000\"\n\t\tdata-step-time=\"30\"\n\t\tdata-locale=\"pt-BR\">\n\t\t<svg\n\t\t\tviewBox=\"0 0 1080 500\"\n\t\t\tclass=\"d-block rounded overflow-hidden w-100\">\n\n\t\t\t\t\t\t\t<image\n\t\t\t\t\twidth=\"1080\"\n\t\t\t\t\theight=\"500\"\n\t\t\t\t\thref=\"https:\/\/www.sescpr.com.br\/museudocafe\/wp-content\/uploads\/sites\/231\/2026\/01\/contador_doacao.jpg\" \/>\n\t\t\t\n\t\t\t<text class=\"text-title \">\n\t\t\t\t<tspan\n\t\t\t\t\tx=\"50%\"\n\t\t\t\t\ty=\"43%\"\n\t\t\t\t\tdominant-baseline=\"middle\"\n\t\t\t\t\ttext-anchor=\"middle\">\n\t\t\t\t\t\t\t\t\t<\/tspan>\n\t\t\t<\/text>\n\n\t\t\t<text class=\"text-content\">\n\t\t\t\t<tspan\n\t\t\t\t\tx=\"50%\"\n\t\t\t\t\ty=\"54%\"\n\t\t\t\t\tdominant-baseline=\"middle\"\n\t\t\t\t\ttext-anchor=\"middle\">\n\t\t\t\t\t\t\t\t\t<\/tspan>\n\t\t\t<\/text>\n\n\t\t\t<text class=\"number-quant\">\n\t\t\t\t<tspan\n\t\t\t\t\tx=\"50%\"\n\t\t\t\t\ty=\"62%\"\n\t\t\t\t\tclass=\"count-target\"\n\t\t\t\t\tdominant-baseline=\"middle\"\n\t\t\t\t\ttext-anchor=\"middle\">\n\t\t\t\t\t0 Kg\t\t\t\t<\/tspan>\n\t\t\t<\/text>\n\t\t<\/svg>\n\t<\/div>\n\n\t<!-- MOBILE -->\n\t<\/div>\n<script>\n\n<\/script>\n<script>\n\tdocument.addEventListener(\"DOMContentLoaded\", function() {\n\t\tdocument\n\t\t\t.querySelectorAll(\".count-container\")\n\t\t\t.forEach((container) => {\n\t\t\t\tArrecadometroCounter(container, \"Kg\");\n\t\t\t});\n\t});\n<\/script><\/div><\/div>\n<\/div><\/div>\n\n\n\n<div style=\"height:13px\" aria-hidden=\"true\" class=\"wp-block-spacer\"><\/div>\n\n\n\n<hr class=\"wp-block-coblocks-dynamic-separator\" style=\"height:27px\"\/>\n\n\n\n<h2 class=\"wp-block-heading\">SOLIDARIEDADE QUE ALIMENTA E TRANSFORMA VIDAS<\/h2>\n\n\n\n<figure class=\"wp-block-embed is-type-video is-provider-youtube wp-block-embed-youtube wp-embed-aspect-16-9 wp-has-aspect-ratio\"><div class=\"wp-block-embed__wrapper\">\n<iframe loading=\"lazy\" title=\"Solidariedade que alimenta e transforma vidas!\" width=\"640\" height=\"360\" src=\"https:\/\/www.youtube.com\/embed\/L8KAG-NE-F8?feature=oembed\" frameborder=\"0\" allow=\"accelerometer; autoplay; clipboard-write; encrypted-media; gyroscope; picture-in-picture; web-share\" referrerpolicy=\"strict-origin-when-cross-origin\" allowfullscreen><\/iframe>\n<\/div><\/figure>\n\n\n\n<div style=\"height:18px\" aria-hidden=\"true\" class=\"wp-block-spacer\"><\/div>\n\n\n\n<hr class=\"wp-block-separator has-alpha-channel-opacity\"\/>\n\n\n\n<h2 class=\"wp-block-heading\">POR UM FUTURO SUSTENT\u00c1VEL<\/h2>\n\n\n\n<div class=\"wp-block-group is-layout-constrained wp-block-group-is-layout-constrained\"><div class=\"wp-block-group__inner-container\">\n<div class=\"wp-block-columns is-layout-flex wp-container-core-columns-layout-2 wp-block-columns-is-layout-flex\">\n<div class=\"wp-block-column is-layout-flow wp-block-column-is-layout-flow\">\n<p>O Programa Sesc Mesa Brasil Paran\u00e1 foi agraciado com o <strong>Selo Sesi ODS 2025<\/strong>, reconhecimento concedido a projetos que contribuem para os <strong>Objetivos de Desenvolvimento Sustent\u00e1vel (ODS)<\/strong> proposto pela <strong>Organiza\u00e7\u00e3o das Na\u00e7\u00f5es Unidas (ONU)<\/strong>. <\/p>\n\n\n\n<p>A premia\u00e7\u00e3o foi anunciada em 16 de outubro &#8211; Dia Mundial da Alimenta\u00e7\u00e3o &#8211; durante o <strong>Congresso Sesi ODS 2025<\/strong>, realizado no <strong>Campus da Ind\u00fastria do Sistema Fiep<\/strong>, em Curitiba. <\/p>\n\n\n\n<p>O destaque refor\u00e7a o compromisso do Sesc Mesa Brasil com a <strong>promo\u00e7\u00e3o de um futuro mais justo, solid\u00e1rio e sustent\u00e1vel<\/strong>, evidenciando sua atua\u00e7\u00e3o cont\u00ednua no <strong>combate \u00e0 fome, ao desperd\u00edcio de alimentos<\/strong> e na <strong>valoriza\u00e7\u00e3o da responsabilidade social<\/strong>. O reconhecimento consolida a relev\u00e2ncia do programa, que, em 2025, foi <strong>finalista do pr\u00eamio<\/strong>, reafirmando sua contribui\u00e7\u00e3o para a constru\u00e7\u00e3o de um mundo melhor, alinhado aos princ\u00edpios da Agenda 2030 da ONU.<\/p>\n<\/div>\n\n\n\n<div class=\"wp-block-column is-layout-flow wp-block-column-is-layout-flow\">\n<figure class=\"wp-block-image size-large is-resized\"><img decoding=\"async\" src=\"https:\/\/www.sescpr.com.br\/mesabrasil\/wp-content\/uploads\/sites\/54\/2025\/10\/Boas-vindas-SMB.png\" alt=\"\" style=\"width:311px;height:auto\"\/><\/figure>\n<\/div>\n<\/div>\n<\/div><\/div>\n\n\n\n<div style=\"height:11px\" aria-hidden=\"true\" class=\"wp-block-spacer\"><\/div>\n\n\n\n<hr class=\"wp-block-separator has-alpha-channel-opacity\"\/>\n\n\n\n<div style=\"height:10px\" aria-hidden=\"true\" class=\"wp-block-spacer\"><\/div>\n\n\n\n<h2 class=\"wp-block-heading\" style=\"font-style:normal;font-weight:800\">PROJETO &#8220;AL\u00c9M DA MESA&#8221;<\/h2>\n\n\n\n<div class=\"wp-block-columns is-layout-flex wp-container-core-columns-layout-3 wp-block-columns-is-layout-flex\">\n<div class=\"wp-block-column is-layout-flow wp-block-column-is-layout-flow\">\n<p>O<strong> Projeto \u201cAl\u00e9m da Mesa\u201d<\/strong> \u00e9 uma parceria entre o <strong>Sesc PR<\/strong> e o <strong>Senac PR<\/strong>, criada em 2021, com o objetivo de oferecer qualifica\u00e7\u00e3o profissional ao p\u00fablico atendido pelo Programa Mesa Brasil Sesc PR.<\/p>\n\n\n\n<p>Com a oferta de cursos gratuitos e profissionalizantes, o projeto visa promover a forma\u00e7\u00e3o de pessoas em situa\u00e7\u00e3o de vulnerabilidade, explorando as contrapartidas de ambas as institui\u00e7\u00f5es e focando no desenvolvimento de habilidades e na inclus\u00e3o social.<\/p>\n\n\n\n<p>At\u00e9 agora, o projeto beneficiou mais de <strong><mark style=\"color:#0b82c7\" class=\"has-inline-color\">4.800 pessoas<\/mark><\/strong>, impactou <mark style=\"color:#0978b9\" class=\"has-inline-color\"><strong>1.500 entidades<\/strong> <strong>sociais<\/strong> <\/mark>e formou cerca de <strong><mark style=\"color:#047cc1\" class=\"has-inline-color\">400 turmas<\/mark><\/strong>, fortalecendo as perspectivas de emprego e autonomia dos participantes.<\/p>\n<\/div>\n\n\n\n<div class=\"wp-block-column is-layout-flow wp-block-column-is-layout-flow\">\n<figure class=\"wp-block-image size-large\"><img decoding=\"async\" src=\"https:\/\/www.sescpr.com.br\/mesabrasil\/wp-content\/uploads\/sites\/54\/2024\/12\/Logo-Alem-da-Mesa.png\" alt=\"\"\/><\/figure>\n<\/div>\n<\/div>\n\n\n\n<div style=\"height:37px\" aria-hidden=\"true\" class=\"wp-block-spacer\"><\/div>\n\n\n\n<div style=\"height:17px\" aria-hidden=\"true\" class=\"wp-block-spacer\"><\/div>\n\n\n\n<div class=\"wp-block-columns is-layout-flex wp-container-core-columns-layout-4 wp-block-columns-is-layout-flex\">\n<div class=\"wp-block-column is-vertically-aligned-center is-layout-flow wp-block-column-is-layout-flow\">\n<h2 class=\"wp-block-heading\" style=\"font-style:normal;font-weight:800\">Conhe\u00e7a o livro de receitas do Sesc Mesa Brasil<\/h2>\n\n\n\n<p>O livro \u201cSabores do Mesa Brasil: Solidariedade que Nutre\u201d \u00e9 uma publica\u00e7\u00e3o comemorativa aos 20 anos de atua\u00e7\u00e3o do&nbsp;<a href=\"https:\/\/www.sescpr.com.br\/mesabrasil\/\">Programa Mesa Brasil Sesc<\/a>&nbsp;no estado.<\/p>\n\n\n\n<p>S\u00e3o 21 receitas finalistas do Concurso de Receitas Sesc e Senac PR, realizado em 2023. A obra re\u00fane op\u00e7\u00f5es de preparos doces e salgadas, dando visibilidade a receitas regionais e seguindo boas pr\u00e1ticas de manipula\u00e7\u00e3o de alimentos. Confira a edi\u00e7\u00e3o:<\/p>\n<\/div>\n\n\n\n<div class=\"wp-block-column is-layout-flow wp-block-column-is-layout-flow\">\n<figure class=\"wp-block-embed is-type-rich is-provider-issuu wp-block-embed-issuu\"><div class=\"wp-block-embed__wrapper\">\n<iframe title=\"Livro Sabores do Mesa Brasil: solidariedade que nutre\" src=\"https:\/\/e.issuu.com\/embed.html?u=fecomerciopr&#038;d=livro_mesa_brasil_20_anos_revisado_sesc_web_3_\" style=\"border:none; width: 640px; height: 491px;\" allow=\"clipboard-write,allow-top-navigation,allow-top-navigation-by-user-activation,allow-downloads,allow-scripts,allow-same-origin,allow-popups,allow-modals,allow-popups-to-escape-sandbox,allow-forms\"  allowfullscreen=\"true\"><\/iframe>\n<\/div><\/figure>\n<\/div>\n<\/div>\n\n\n\n<div style=\"height:35px\" aria-hidden=\"true\" class=\"wp-block-spacer\"><\/div>\n\n\n\n<div style=\"height:8px\" aria-hidden=\"true\" class=\"wp-block-spacer\"><\/div>\n\n\n\n<hr class=\"wp-block-separator has-alpha-channel-opacity\"\/>\n\n\n\n<div style=\"height:5px\" aria-hidden=\"true\" class=\"wp-block-spacer\"><\/div>\n\n\n\n<h2 class=\"wp-block-heading has-text-align-center has-black-color has-text-color has-link-color has-large-font-size wp-elements-b665344e4ab155fdcfa7c7952530a15d\">   O SESC MESA BRASIL PARAN\u00c1 EM N\u00daMEROS<\/h2>\n\n\n\n<div style=\"height:32px\" aria-hidden=\"true\" class=\"wp-block-spacer\"><\/div>\n\n\n\n<div class=\"wp-block-columns is-layout-flex wp-container-core-columns-layout-5 wp-block-columns-is-layout-flex\">\n<div class=\"wp-block-column is-layout-flow wp-block-column-is-layout-flow\"><div class=\"wp-block-image is-resized\">\n<figure class=\"aligncenter size-large\"><img decoding=\"async\" src=\"https:\/\/www.sescpr.com.br\/mesabrasil\/wp-content\/uploads\/sites\/54\/2024\/12\/MaisDe38Milhoes.png\" alt=\"\" style=\"width:146px;height:auto\"\/><\/figure><\/div>\n\n\n<p class=\"has-text-align-center has-medium-font-size\" style=\"font-style:normal;font-weight:400\"><mark style=\"background-color:rgba(0, 0, 0, 0);color:#07537e\" class=\"has-inline-color\">Mais de 45 milh\u00f5es<\/mark> de quilos de alimentos<br> doados desde 2003.<\/p>\n<\/div>\n\n\n\n<div class=\"wp-block-column is-layout-flow wp-block-column-is-layout-flow\"><div class=\"wp-block-image is-resized\">\n<figure class=\"aligncenter size-large\"><img decoding=\"async\" src=\"https:\/\/www.sescpr.com.br\/mesabrasil\/wp-content\/uploads\/sites\/54\/2024\/12\/28MilhoesKg.png\" alt=\"\" style=\"width:145px;height:auto\"\/><\/figure><\/div>\n\n\n<p class=\"has-text-align-center has-medium-font-size\" style=\"font-style:normal;font-weight:400\">          <mark style=\"color:#065684\" class=\"has-inline-color\"> 2,6 milh\u00f5es<\/mark> de quilos<strong> <\/strong>de alimentos<br>               distribu\u00eddos em 2025.<\/p>\n<\/div>\n<\/div>\n\n\n\n<div style=\"height:43px\" aria-hidden=\"true\" class=\"wp-block-spacer\"><\/div>\n\n\n\n<div class=\"wp-block-columns is-layout-flex wp-container-core-columns-layout-6 wp-block-columns-is-layout-flex\">\n<div class=\"wp-block-column is-layout-flow wp-block-column-is-layout-flow\"><div class=\"wp-block-image is-resized\">\n<figure class=\"aligncenter size-large\"><img decoding=\"async\" src=\"https:\/\/www.sescpr.com.br\/mesabrasil\/wp-content\/uploads\/sites\/54\/2024\/12\/502Empresas.png\" alt=\"\" style=\"width:142px;height:auto\"\/><\/figure><\/div>\n\n\n<p class=\"has-text-align-center has-medium-font-size\" style=\"font-style:normal;font-weight:400\">Em 2025 alcan\u00e7amos:<\/p>\n\n\n\n<p class=\"has-text-align-center has-medium-font-size\" style=\"font-style:normal;font-weight:400\"><mark style=\"background-color:rgba(0, 0, 0, 0);color:#08537e\" class=\"has-inline-color\">524 <\/mark>empresas doadoras. <br><mark style=\"background-color:rgba(0, 0, 0, 0);color:#065785\" class=\"has-inline-color\">711 <\/mark>entidades sociais beneficiadas.<\/p>\n<\/div>\n\n\n\n<div class=\"wp-block-column is-layout-flow wp-block-column-is-layout-flow\"><div class=\"wp-block-image is-resized\">\n<figure class=\"aligncenter size-large mb-0 mt-0\"><img decoding=\"async\" src=\"https:\/\/www.sescpr.com.br\/mesabrasil\/wp-content\/uploads\/sites\/54\/2024\/12\/160Mil.png\" alt=\"\" style=\"width:142px;height:auto\"\/><\/figure><\/div>\n\n\n<p class=\"has-text-align-center has-medium-font-size\" style=\"font-style:normal;font-weight:400\">           Em m\u00e9dia  atendemos <mark style=\"color:#05527e\" class=\"has-inline-color\">158.000<strong> <\/strong>mil <\/mark>     pessoas por m\u00eas.<br>      <\/p>\n<\/div>\n<\/div>\n\n\n\n<div style=\"height:35px\" aria-hidden=\"true\" class=\"wp-block-spacer\"><\/div>\n\n\n\n<hr class=\"wp-block-separator has-alpha-channel-opacity\"\/>\n\n\n\n<h2 class=\"wp-block-heading\">Parceiros do Sesc Mesa Brasil no Paran\u00e1<\/h2>\n\n\n\n<div style=\"height:11px\" aria-hidden=\"true\" class=\"wp-block-spacer\"><\/div>\n\n\n\n<div class=\"wp-block-group is-content-justification-center is-nowrap is-layout-flex wp-container-core-group-layout-4 wp-block-group-is-layout-flex\">\n<figure class=\"wp-block-image size-large is-resized\"><img decoding=\"async\" src=\"https:\/\/www.sescpr.com.br\/mesabrasil\/wp-content\/uploads\/sites\/54\/2025\/07\/Apresentacao-Relatorio-Anual-Organico-Azul-e-Laranja-4.png\" alt=\"\" style=\"width:416px;height:auto\"\/><\/figure>\n\n\n\n<figure class=\"wp-block-image size-large is-resized\"><img decoding=\"async\" src=\"https:\/\/www.sescpr.com.br\/mesabrasil\/wp-content\/uploads\/sites\/54\/2025\/07\/Apresentacao-Relatorio-Anual-Organico-Azul-e-Laranja-5.png\" alt=\"\" style=\"width:426px;height:auto\"\/><\/figure>\n<\/div>\n\n\n\n<div class=\"wp-block-group is-content-justification-center is-nowrap is-layout-flex wp-container-core-group-layout-5 wp-block-group-is-layout-flex\">\n<figure class=\"wp-block-image size-large is-resized\"><img decoding=\"async\" src=\"https:\/\/www.sescpr.com.br\/mesabrasil\/wp-content\/uploads\/sites\/54\/2025\/07\/5-1.png\" alt=\"\" style=\"width:432px;height:auto\"\/><\/figure>\n\n\n\n<figure class=\"wp-block-image size-large is-resized\"><img decoding=\"async\" src=\"https:\/\/www.sescpr.com.br\/mesabrasil\/wp-content\/uploads\/sites\/54\/2025\/09\/Apresentacao-Relatorio-Anual-Organico-Azul-e-Laranja-17.png\" alt=\"\" style=\"width:393px;height:auto\"\/><\/figure>\n<\/div>\n\n\n\n<div class=\"wp-block-group is-content-justification-center is-nowrap is-layout-flex wp-container-core-group-layout-6 wp-block-group-is-layout-flex\">\n<figure class=\"wp-block-image size-large is-resized\"><img decoding=\"async\" src=\"https:\/\/www.sescpr.com.br\/mesabrasil\/wp-content\/uploads\/sites\/54\/2025\/08\/Apresentacao-Relatorio-Anual-Organico-Azul-e-Laranja-13.png\" alt=\"\" style=\"width:415px;height:auto\"\/><\/figure>\n\n\n\n<figure class=\"wp-block-image size-large is-resized\"><img decoding=\"async\" src=\"https:\/\/www.sescpr.com.br\/mesabrasil\/wp-content\/uploads\/sites\/54\/2025\/07\/3.png\" alt=\"\" style=\"width:420px;height:auto\"\/><\/figure>\n<\/div>\n\n\n\n<div class=\"wp-block-group is-content-justification-center is-nowrap is-layout-flex wp-container-core-group-layout-7 wp-block-group-is-layout-flex\">\n<figure class=\"wp-block-image size-large is-resized\"><img decoding=\"async\" src=\"https:\/\/www.sescpr.com.br\/mesabrasil\/wp-content\/uploads\/sites\/54\/2025\/08\/Apresentacao-Relatorio-Anual-Organico-Azul-e-Laranja-14.png\" alt=\"\" style=\"width:420px;height:auto\"\/><\/figure>\n\n\n\n<figure class=\"wp-block-image size-large is-resized\"><img decoding=\"async\" src=\"https:\/\/www.sescpr.com.br\/mesabrasil\/wp-content\/uploads\/sites\/54\/2025\/08\/Apresentacao-Relatorio-Anual-Organico-Azul-e-Laranja-15.png\" alt=\"\" style=\"width:412px;height:auto\"\/><\/figure>\n<\/div>\n\n\n\n<div class=\"wp-block-group is-content-justification-center is-nowrap is-layout-flex wp-container-core-group-layout-8 wp-block-group-is-layout-flex\">\n<figure class=\"wp-block-image size-large is-resized\"><img decoding=\"async\" src=\"https:\/\/www.sescpr.com.br\/mesabrasil\/wp-content\/uploads\/sites\/54\/2025\/09\/Apresentacao-Relatorio-Anual-Organico-Azul-e-Laranja-16.png\" alt=\"\" style=\"width:439px;height:auto\"\/><\/figure>\n\n\n\n<figure class=\"wp-block-image size-large is-resized\"><img decoding=\"async\" src=\"https:\/\/www.sescpr.com.br\/mesabrasil\/wp-content\/uploads\/sites\/54\/2025\/10\/11.png\" alt=\"\" style=\"width:407px;height:auto\"\/><\/figure>\n<\/div>\n\n\n\n<div class=\"wp-block-group is-layout-constrained wp-block-group-is-layout-constrained\"><div class=\"wp-block-group__inner-container\">\n<div class=\"wp-block-columns are-vertically-aligned-center is-layout-flex wp-container-core-columns-layout-7 wp-block-columns-is-layout-flex\">\n<div class=\"wp-block-column is-vertically-aligned-center is-layout-flow wp-block-column-is-layout-flow\" style=\"flex-basis:100%\">\n<div class=\"wp-block-group is-vertical is-layout-flex wp-container-core-group-layout-9 wp-block-group-is-layout-flex\"><\/div>\n<\/div>\n<\/div>\n<\/div><\/div>\n\n\n\n<div style=\"height:35px\" aria-hidden=\"true\" class=\"wp-block-spacer\"><\/div>\n\n\n\n<hr class=\"wp-block-separator aligncenter has-alpha-channel-opacity\"\/>\n\n\n\n<div style=\"height:15px\" aria-hidden=\"true\" class=\"wp-block-spacer\"><\/div>\n","protected":false},"excerpt":{"rendered":"<p>FOME NO PARAN\u00c1 Inseguran\u00e7a alimentar atinge 15 a cada 100 lares no Paran\u00e1 Em 2024, cerca de 15,3% dos lares do Paran\u00e1, aproximadamente 612 mil resid\u00eancias, enfrentaram algum grau de inseguran\u00e7a alimentar, segundo a PNAD Cont\u00ednua do IBGE. Na pr\u00e1tica, isso significa que muitas fam\u00edlias ainda n\u00e3o conseguem ter acesso regular e adequado a alimentos [&#8230;]<\/p>\n<p><a class=\"btn btn-secondary understrap-read-more-link\" href=\"https:\/\/www.sescpr.com.br\/mesabrasil\/\">Leia mais&#8230;<\/a><\/p>\n","protected":false},"author":2183,"featured_media":0,"parent":0,"menu_order":0,"comment_status":"closed","ping_status":"closed","template":"","meta":{"_coblocks_attr":"","_coblocks_dimensions":"{\"coblocks-hero-730105543453\":{\"padding\":{}}}","_coblocks_responsive_height":"","_coblocks_accordion_ie_support":"","footnotes":""},"_links":{"self":[{"href":"https:\/\/www.sescpr.com.br\/mesabrasil\/wp-json\/wp\/v2\/pages\/57"}],"collection":[{"href":"https:\/\/www.sescpr.com.br\/mesabrasil\/wp-json\/wp\/v2\/pages"}],"about":[{"href":"https:\/\/www.sescpr.com.br\/mesabrasil\/wp-json\/wp\/v2\/types\/page"}],"author":[{"embeddable":true,"href":"https:\/\/www.sescpr.com.br\/mesabrasil\/wp-json\/wp\/v2\/users\/2183"}],"replies":[{"embeddable":true,"href":"https:\/\/www.sescpr.com.br\/mesabrasil\/wp-json\/wp\/v2\/comments?post=57"}],"version-history":[{"count":220,"href":"https:\/\/www.sescpr.com.br\/mesabrasil\/wp-json\/wp\/v2\/pages\/57\/revisions"}],"predecessor-version":[{"id":3660,"href":"https:\/\/www.sescpr.com.br\/mesabrasil\/wp-json\/wp\/v2\/pages\/57\/revisions\/3660"}],"wp:attachment":[{"href":"https:\/\/www.sescpr.com.br\/mesabrasil\/wp-json\/wp\/v2\/media?parent=57"}],"curies":[{"name":"wp","href":"https:\/\/api.w.org\/{rel}","templated":true}]}}