{"id":5069,"date":"2024-11-28T11:27:21","date_gmt":"2024-11-28T14:27:21","guid":{"rendered":"https:\/\/www.sescpr.com.br\/circuito\/?page_id=5069"},"modified":"2025-03-17T15:53:03","modified_gmt":"2025-03-17T18:53:03","slug":"regulamento-2025","status":"publish","type":"page","link":"https:\/\/www.sescpr.com.br\/circuito\/regulamento-2025\/","title":{"rendered":"Regulamento 2025"},"content":{"rendered":"\r\n<h2 class=\"wp-block-heading\">Circuito Sesc de Corridas Paran\u00e1<\/h2>\r\n\r\n\r\n\r\n<p>&nbsp;<\/p>\r\n\r\n\r\n\r\n<p>O presente regulamento cont\u00e9m as disposi\u00e7\u00f5es gerais para as etapas do Circuito Sesc de Corridas 2025, contemplando as informa\u00e7\u00f5es necess\u00e1rias para todas as realiza\u00e7\u00f5es. Sugerimos a leitura completa deste regulamento, para compreens\u00e3o geral de todo o processo que envolve cada realiza\u00e7\u00e3o.<\/p>\r\n\r\n\r\n\r\n<p><strong>Para a Etapa de Corn\u00e9lio Proc\u00f3pio, consultar regulamento espec\u00edfico<a href=\"https:\/\/www.sescpr.com.br\/circuito\/wp-content\/uploads\/sites\/10\/2025\/02\/Circuito-SESC-de-corridas-Regulamento-2025.pdf\"> clique aqui.<\/a><\/strong><\/p>\r\n<p>Para etapa de Campo Largo &#8211; Out Let City Center, consultar o regulamento espec\u00edfico clique aqui:\u00a0<a href=\"https:\/\/www.sescpr.com.br\/circuito\/wp-content\/uploads\/sites\/10\/2025\/03\/Regulamento-2025.pdf\">Regulamento 2025<\/a><\/p>\r\n\r\n\r\n\r\n\r\n\r\n<p><strong>Corrida: 5 Km (16 anos em diante) e 10 Km (18 anos em diante)\u00a0<\/strong><\/p>\r\n\r\n\r\n\r\n<p>As pessoas que desejarem participar do evento Circuito Sesc de Corridas dever\u00e3o efetivar sua inscri\u00e7\u00e3o na internet ou em uma das unidades de servi\u00e7o do Sesc PR.\u00a0<\/p>\r\n\r\n\r\n\r\n<h4 class=\"wp-block-heading\"><strong>Data da Prova:\u202f<\/strong>Conforme calend\u00e1rio\u00a0<\/h4>\r\n\r\n\r\n\r\n<h4 class=\"wp-block-heading\"><strong>Hor\u00e1rio:<\/strong>\u202f 7h30 ou conforme programa\u00e7\u00e3o de cada Unidade.\u00a0<\/h4>\r\n\r\n\r\n\r\n<p>* A etapa que possuir\u202fcadeirantes efetivamente inscritos\/confirmados nas provas de 5 km e 10 km\u00a0ter\u00e3o\u00a0a largada da categoria \u00e0s 7h25m<\/p>\r\n\r\n\r\n\r\n<h4 class=\"wp-block-heading\"><strong>Dist\u00e2ncias:<\/strong>\u202f5 km e 10 km\u00a0<\/h4>\r\n\r\n\r\n\r\n<p>* Percurso devidamente aferido e certificado pela Federa\u00e7\u00e3o de Atletismo do Paran\u00e1.\u00a0<\/p>\r\n\r\n\r\n\r\n<h4 class=\"wp-block-heading\"><strong>Posto de Hidrata\u00e7\u00e3o:<\/strong>\u00a0<\/h4>\r\n\r\n\r\n\r\n<ul>\r\n<li>2,5 km e chegada (5 km)\u00a0<\/li>\r\n\r\n\r\n\r\n<li>2,5 km, 5km, 7,5 km e chegada (10 km)\u00a0<\/li>\r\n<\/ul>\r\n\r\n\r\n\r\n<h4 class=\"wp-block-heading\"><strong>Prazo M\u00e1ximo para Conclus\u00e3o da Prova<\/strong>\u00a0<\/h4>\r\n\r\n\r\n\r\n<p>5 km \u2013 45min\u202fap\u00f3s a largada\u00a0<\/p>\r\n\r\n\r\n\r\n<p>10 km \u2013 1h30\u202fap\u00f3s a largada\u00a0<\/p>\r\n\r\n\r\n\r\n<p>Obs.: Ap\u00f3s o tempo m\u00e1ximo estabelecido, o (a) atleta\u202fpoder\u00e1 ser convidado (a) a entrar no ve\u00edculo da organiza\u00e7\u00e3o para deslocamento at\u00e9 o local de chegada. O (A) mesmo (a) estar\u00e1 automaticamente desclassificado (a).\u00a0<\/p>\r\n\r\n\r\n\r\n<h4 class=\"wp-block-heading\"><strong>Dica de Sa\u00fade<\/strong>\u00a0<\/h4>\r\n\r\n\r\n\r\n<p>Para o Sesc PR sua sa\u00fade e bem estar s\u00e3o de fundamental import\u00e2ncia. Sendo assim, antes de se inscrever em uma prova pedestre ou caminhada,\u202frealize uma avalia\u00e7\u00e3o m\u00e9dica e procure um profissional para avaliar sua aptid\u00e3o f\u00edsica.\u00a0<\/p>\r\n\r\n\r\n\r\n<h4 class=\"wp-block-heading\"><strong>Inscri\u00e7\u00f5es (aten\u00e7\u00e3o ao prazo m\u00e1ximo)<\/strong>\u00a0<\/h4>\r\n\r\n\r\n\r\n<ul>\r\n<li>At\u00e9 domingo da semana que antecede o evento,\u00a0ou antes\u00a0dessa data, em caso de preenchimento total das vagas limitadas. N\u00e3o ser\u00e3o realizadas inscri\u00e7\u00f5es posteriores \u00e0 data limite estipulada, salvo altera\u00e7\u00e3o determinada pela organiza\u00e7\u00e3o.\u00a0<\/li>\r\n<\/ul>\r\n\r\n\r\n\r\n<h4 class=\"wp-block-heading\"><strong>\u202fAtestado M\u00e9dico<\/strong>\u00a0ou Par-Q<\/h4>\r\n\r\n\r\n\r\n<p>Informamos que ser\u00e1 obrigat\u00f3ria a apresenta\u00e7\u00e3o de atestado m\u00e9dico comprovando aptid\u00e3o para atividade f\u00edsica, ou Par-Q conforme protocolo oficial do question\u00e1rio, sendo a validade do documento de, no m\u00e1ximo, 12 meses anteriores \u00e0 data da realiza\u00e7\u00e3o da prova para as corridas de 5 km e 10 km.\u00a0<\/p>\r\n<p>*Para a etapa de <strong>Curitiba<\/strong> \u00e9 necess\u00e1rio a apresenta\u00e7\u00e3o de <strong>Atestado M\u00e9dico<\/strong>, liberando para pr\u00e1tica de atividade f\u00edsica ou corridas, para atletas com at\u00e9 17 anos e acima de 60 anos.<\/p>\r\n\r\n\r\n\r\n<p><strong>Aten\u00e7\u00e3o: O prazo para envio do atestado m\u00e9dico ou Par-Q \u00e9 de 05 (cinco) dias corridos ap\u00f3s a realiza\u00e7\u00e3o da inscri\u00e7\u00e3o.\u202f<\/strong>\u00a0<\/p>\r\n\r\n\r\n\r\n<p><strong>*O Sesc PR reserva-se no direito de excluir inscri\u00e7\u00f5es\u202fcom boletos vencidos e\/ou atestados n\u00e3o enviados no prazo estipulado.*<\/strong>\u00a0<\/p>\r\n\r\n\r\n\r\n<p>Verificar no site do evento ou na Unidade sede da etapa, o endere\u00e7o de e-mail para envio do atestado m\u00e9dico,\u202fsendo que o envio dever\u00e1 seguir\u202f<strong>o endere\u00e7o do e-mail correspondente a cada etapa<\/strong>, conforme o detalhamento abaixo:\u00a0<\/p>\r\n\r\n\r\n\r\n<figure class=\"wp-block-table is-style-stripes\">\r\n<table style=\"height: 719px\" width=\"518\">\r\n<tbody>\r\n<tr>\r\n<td><strong>Etapa<\/strong><\/td>\r\n<td><strong>E-mail<\/strong><\/td>\r\n<\/tr>\r\n<tr>\r\n<td>Apucarana<\/td>\r\n<td>atestados.apucarana@sescpr.com.br<\/td>\r\n<\/tr>\r\n<tr>\r\n<td>Arapongas<\/td>\r\n<td>atestados.arapongas@sescpr.com.br<\/td>\r\n<\/tr>\r\n<tr>\r\n<td>Campo Largo<\/td>\r\n<td>atestados.curitiba@sescpr.com.br<\/td>\r\n<\/tr>\r\n<tr>\r\n<td>Campo Mour\u00e3o<\/td>\r\n<td>atestados.campomourao@sescpr.com.br<\/td>\r\n<\/tr>\r\n<tr>\r\n<td>Cascavel<\/td>\r\n<td>atestados.cascavel@sescpr.com.br<\/td>\r\n<\/tr>\r\n<tr>\r\n<td>Corn\u00e9lio Proc\u00f3pio<\/td>\r\n<td>atestados.cornelioprocopio@sescpr.com.br<\/td>\r\n<\/tr>\r\n<tr>\r\n<td>Curitiba<\/td>\r\n<td>atestados.curitiba@sescpr.com.br<\/td>\r\n<\/tr>\r\n<tr>\r\n<td>Francisco Beltr\u00e3o<\/td>\r\n<td>atestados.franciscobeltrao@sescpr.com.br<\/td>\r\n<\/tr>\r\n<tr>\r\n<td>Guarapuava<\/td>\r\n<td>atestados.guarapuava@sescpr.com.br<\/td>\r\n<\/tr>\r\n<tr>\r\n<td>Ivaipor\u00e3<\/td>\r\n<td>atestados.ivaipora@sescpr.com.br<\/td>\r\n<\/tr>\r\n<tr>\r\n<td>Jacarezinho<\/td>\r\n<td>atestados.jacarezinho@sescpr.com.br<\/td>\r\n<\/tr>\r\n<tr>\r\n<td>Londrina<\/td>\r\n<td>atestados.londrina@sescpr.com.br<\/td>\r\n<\/tr>\r\n<tr>\r\n<td>Maring\u00e1<\/td>\r\n<td>atestados.maringa@sescpr.com.br<\/td>\r\n<\/tr>\r\n<tr>\r\n<td>Marechal C\u00e2ndido Rondon<\/td>\r\n<td>atestados.mcrondon@sescpr.com.br<\/td>\r\n<\/tr>\r\n<tr>\r\n<td>Medianeira<\/td>\r\n<td>atestados.medianeira@sescpr.com.br<\/td>\r\n<\/tr>\r\n<tr>\r\n<td>Palmas<\/td>\r\n<td>atestados.palmas@sescpr.com.br<\/td>\r\n<\/tr>\r\n<tr>\r\n<td>Ponta Grossa<\/td>\r\n<td>atestados.pontagrossa@sescpr.com.br<\/td>\r\n<\/tr>\r\n<tr>\r\n<td>Paranava\u00ed<\/td>\r\n<td>atestados.paranavai@sescpr.com.br<\/td>\r\n<\/tr>\r\n<tr>\r\n<td>Pato Branco<\/td>\r\n<td>atestados.patobranco@sescpr.com.br<\/td>\r\n<\/tr>\r\n<tr>\r\n<td>Paranagu\u00e1<\/td>\r\n<td>atestados.paranagua@sescpr.com.br<\/td>\r\n<\/tr>\r\n<tr>\r\n<td>Rio Negro<\/td>\r\n<td>atestados.rionegro@sescpr.com.br<\/td>\r\n<\/tr>\r\n<tr>\r\n<td>Santo Ant\u00f4nio da Platina<\/td>\r\n<td>atestados.saplatina@sescpr.com.br<\/td>\r\n<\/tr>\r\n<tr>\r\n<td>Toledo<\/td>\r\n<td>atestados.toledo@sescpr.com.br<\/td>\r\n<\/tr>\r\n<tr>\r\n<td>Umuarama<\/td>\r\n<td>atestados.umuarama@sescpr.com.br<\/td>\r\n<\/tr>\r\n<tr>\r\n<td>Uni\u00e3o da Vit\u00f3ria<\/td>\r\n<td>atestados.uniaodavitoria@sescpr.combr<\/td>\r\n<\/tr>\r\n<\/tbody>\r\n<\/table>\r\n<\/figure>\r\n\r\n\r\n\r\n<p><strong>Obs.:<\/strong>\u00a0A data limite das inscri\u00e7\u00f5es ser\u00e1 respeitada e,\u00a0posteriormente ao domingo que antecede a prova,\u00a0n\u00e3o ser\u00e3o inclu\u00eddas novas inscri\u00e7\u00f5es, sendo que, se houverem pend\u00eancias na inscri\u00e7\u00e3o (atestado m\u00e9dico e\/ou pagamento) as mesmas dever\u00e3o ser sanadas at\u00e9 a quarta-feira da semana que antecede a prova. O Sesc PR se reserva no direito de n\u00e3o aceitar documento algum posterior a quarta-feira, sendo considerado como efetivamente inscrito, o atleta que cumprir todo o processo de valida\u00e7\u00e3o da vaga.\u00a0<\/p>\r\n\r\n\r\n\r\n<p><strong>Importante: O Sesc PR reserva-se no direito de excluir inscri\u00e7\u00f5es\u202fcom boletos vencidos e\/ou atestados n\u00e3o enviados no prazo estipulado.<\/strong>\u00a0<\/p>\r\n\r\n\r\n\r\n<p>Na entrega de kit, bem como no s\u00e1bado ou domingo de prova, s\u00f3 ser\u00e3o entregues os kits dos cadastros completos, n\u00e3o havendo possibilidade alguma de validar inscri\u00e7\u00f5es nesses momentos.\u00a0<\/p>\r\n\r\n\r\n\r\n<h4 class=\"wp-block-heading\"><strong>\u202fAten\u00e7\u00e3o<\/strong>\u00a0<\/h4>\r\n\r\n\r\n\r\n<p>Para efeito de inscri\u00e7\u00e3o valer\u00e1 a idade que o atleta tiver no dia 31\/12\/2025. Solicitamos que seja apresentado um documento oficial com foto que comprove a idade do participante (podendo ser o cart\u00e3o cliente do Sesc atualizado).\u00a0<\/p>\r\n\r\n\r\n\r\n<h3 class=\"wp-block-heading\"><strong>Valores de Inscri\u00e7\u00e3o<\/strong>\u00a0<\/h3>\r\n\r\n\r\n\r\n<p>1\u00ba Lote (V\u00e1lido at\u00e9 um m\u00eas antes da realiza\u00e7\u00e3o da prova. Ex.: Prova dia 05 de mar\u00e7o o segundo lote passa a valer dia 05 de fevereiro)<\/p>\r\n\r\n\r\n\r\n<h4 class=\"wp-block-heading\"><strong>Trabalhadores do Com\u00e9rcio\u00a0e pessoas com 60 anos ou mais<\/strong>\u00a0<\/h4>\r\n\r\n\r\n\r\n<p><strong>Bronze \u2013 R$ 25,00<\/strong><\/p>\r\n\r\n\r\n\r\n<p><strong>Prata \u2013 R$ 35,00<\/strong><\/p>\r\n\r\n\r\n\r\n<p><strong>Ouro \u2013 R$45,00<\/strong><\/p>\r\n\r\n\r\n\r\n<h4 class=\"wp-block-heading\"><strong>P\u00fablico\u202fem geral<\/strong>\u00a0<\/h4>\r\n\r\n\r\n\r\n<p><strong>Bronze \u2013 R$ 45,00<\/strong><\/p>\r\n\r\n\r\n\r\n<p><strong>Prata \u2013 R$ 60,00<\/strong><\/p>\r\n\r\n\r\n\r\n<p><strong>Ouro \u2013 R$ 75,00<\/strong><\/p>\r\n\r\n\r\n\r\n<p>2\u00ba Lote (V\u00e1lido at\u00e9 o encerramento das inscri\u00e7\u00f5es)<\/p>\r\n\r\n\r\n\r\n<h4 class=\"wp-block-heading\"><strong>Trabalhadores do Com\u00e9rcio\u00a0e pessoas com 60 anos ou mais<\/strong>\u00a0<\/h4>\r\n\r\n\r\n\r\n<p><strong>Bronze \u2013 R$ 40,00<\/strong><\/p>\r\n\r\n\r\n\r\n<p><strong>Prata \u2013 R$50,00<\/strong><\/p>\r\n\r\n\r\n\r\n<p><strong>Ouro \u2013 R$ 60,00<\/strong><\/p>\r\n\r\n\r\n\r\n<h4 class=\"wp-block-heading\"><strong>P\u00fablico\u202fem geral<\/strong>\u00a0<\/h4>\r\n\r\n\r\n\r\n<p><strong>Bronze \u2013 R$ 60,00<\/strong><\/p>\r\n\r\n\r\n\r\n<p><strong>Prata \u2013 R$ 75,00<\/strong><\/p>\r\n\r\n\r\n\r\n<p><strong>Ouro \u2013 R$ 90,00<\/strong><\/p>\r\n\r\n\r\n\r\n<p><strong><em>*Para as categorias de cadeirantes, a inscri\u00e7\u00e3o \u00e9 isenta.<\/em><\/strong>\u00a0<\/p>\r\n\r\n\r\n\r\n<p><strong><em>**Para pessoas com defici\u00eancia, a inscri\u00e7\u00e3o \u00e9 isenta. Lembrando que n\u00e3o haver\u00e1 categoria espec\u00edfica para\u00a0PCD\u2019s, exceto para os cadeirantes.<\/em><\/strong>\u00a0<\/p>\r\n\r\n\r\n\r\n<p><strong>Kit Bronze:<\/strong>\u202fSacola, numeral de peito, alfinetes e chip, medalha ao final da prova e acesso ao reservado do atleta.\u00a0<\/p>\r\n\r\n\r\n\r\n<p><strong>Kit Prata:<\/strong>\u202fSacola Ecobag, camiseta manga curta, numeral de peito, alfinetes e chip.\u00a0<\/p>\r\n\r\n\r\n\r\n<p><strong>Kit Ouro:\u00a0<\/strong>Sacola Ecobag, camiseta de manga curta, garrafinha, numeral de peito, alfinetes e chip.\u00a0<\/p>\r\n\r\n\r\n\r\n<p>&nbsp;<\/p>\r\n\r\n\r\n\r\n<p><strong>Obs.:<\/strong> trabalhadores do com\u00e9rcio, dependentes e empres\u00e1rios de outros estados dever\u00e3o obrigatoriamente apresentar o Cart\u00e3o Cliente Sesc atualizado no momento da retirada do kit.\u00a0<\/p>\r\n\r\n\r\n\r\n<p>*Cada tipo de kit ter\u00e1 sua quantidade limitada e sua disponibilidade seguir\u00e1 de acordo com a demanda.\u00a0<\/p>\r\n\r\n\r\n\r\n<p>**As cores das sacolas e cores das camisetas poder\u00e3o ser distintas, a depender da demanda e disponibilidade.\u00a0<\/p>\r\n\r\n\r\n\r\n<p><strong>Sua inscri\u00e7\u00e3o lhe dar\u00e1 direito a usufruir de toda a infraestrutura da prova: hidrata\u00e7\u00e3o (\u00e1gua e frutas), percurso aferido pela Federa\u00e7\u00e3o Paranaense de Atletismo, servi\u00e7os de enfermagem e ambul\u00e2ncias.<\/strong>\u00a0<\/p>\r\n\r\n\r\n\r\n<h3 class=\"wp-block-heading\"><strong>Resultados<\/strong>\u00a0<\/h3>\r\n\r\n\r\n\r\n<p>A apura\u00e7\u00e3o dos tempos\u00a0ser\u00e1\u00a0realizada\u00a0atrav\u00e9s de chip eletr\u00f4nico descart\u00e1vel.\u00a0\u00a0<\/p>\r\n\r\n\r\n\r\n<p>Aten\u00e7\u00e3o:\u00a0O chip \u00e9 pessoal e intransfer\u00edvel e o uso adequado do mesmo\u00a0e dos materiais de identifica\u00e7\u00e3o da prova,\u00a0\u00e9 de responsabilidade do atleta.\u00a0\u00a0<\/p>\r\n\r\n\r\n\r\n<p>Caso o chip seja repassado\u00a0a\u00a0outro atleta\u00a0inscrito ou n\u00e3o inscrito, os mesmos estar\u00e3o desclassificados do evento e sujeitos a puni\u00e7\u00f5es administrativas do Sesc PR.\u00a0<\/p>\r\n\r\n\r\n\r\n<h4 class=\"wp-block-heading\"><strong>Classifica\u00e7\u00e3o Geral<\/strong>\u00a0<\/h4>\r\n\r\n\r\n\r\n<ul>\r\n<li>Ser\u00e1 considerado para classifica\u00e7\u00e3o do p\u00f3dio o tempo\u00a0bruto\u00a0dos atletas.\u00a0\u00a0<\/li>\r\n<\/ul>\r\n\r\n\r\n\r\n<h4 class=\"wp-block-heading\"><strong>Classifica\u00e7\u00e3o por Categoria<\/strong>\u00a0<\/h4>\r\n\r\n\r\n\r\n<ul>\r\n<li>Provas com utiliza\u00e7\u00e3o de chip: ser\u00e1 considerado o tempo l\u00edquido da prova.\u00a0<\/li>\r\n<\/ul>\r\n\r\n\r\n\r\n<h4 class=\"wp-block-heading\"><strong>Kit do Atleta<\/strong>\u00a0<\/h4>\r\n\r\n\r\n\r\n<p>Os kits dever\u00e3o ser retirados pelos atletas, mediante apresenta\u00e7\u00e3o de documento oficial com foto e do comprovante de pagamento original da inscri\u00e7\u00e3o (quando solicitado). A retirada por terceiros, se dar\u00e1 mediante apresenta\u00e7\u00e3o de documento oficial com foto, original ou fotoc\u00f3pia ou Cart\u00e3o Cliente do Sesc atualizado do participante inscrito.\u00a0<\/p>\r\n\r\n\r\n\r\n<p><strong>Camisetas<\/strong>\u00a0<\/p>\r\n\r\n\r\n\r\n<p>A escolha no tamanho das camisetas seguir\u00e1 por disponibilidade e ter\u00e3o suas quantidades limitadas. A cor da camiseta poder\u00e1 sofrer altera\u00e7\u00e3o de acordo com a organiza\u00e7\u00e3o da etapa.\u00a0<\/p>\r\n\r\n\r\n\r\n<h4 class=\"wp-block-heading\"><strong>Hor\u00e1rios de retirada do kit<\/strong>\u00a0<\/h4>\r\n\r\n\r\n\r\n<p>A\u202fretirada do kit ser\u00e1 no s\u00e1bado anterior \u00e0 prova das 9h \u00e0s 17h, na Unidade do Sesc sede da etapa ou conforme programa\u00e7\u00e3o de cada Unidade do Sesc.\u00a0<\/p>\r\n\r\n\r\n\r\n<h4 class=\"wp-block-heading\">Categorias\u00a0<\/h4>\r\n\r\n\r\n\r\n<p>A participa\u00e7\u00e3o est\u00e1 aberta a atletas de ambos os sexos, com idade m\u00ednima de 16 anos para 5 km e 18 anos para 10 km, nas categorias;\u00a0<\/p>\r\n\r\n\r\n\r\n<ul>\r\n<li>Geral Feminino: 5 km e 10 km\u00a0<\/li>\r\n\r\n\r\n\r\n<li>Geral Masculino: 5 km e 10 km\u00a0<\/li>\r\n\r\n\r\n\r\n<li>Geral Cadeirante Feminino: 5 km e 10 km\u00a0<\/li>\r\n\r\n\r\n\r\n<li>Geral Cadeirante Masculino: 5 km e 10 km\u00a0<\/li>\r\n<\/ul>\r\n\r\n\r\n\r\n<h4 class=\"wp-block-heading\"><strong>Categorias por faixas et\u00e1rias:<\/strong>\u00a0<\/h4>\r\n\r\n\r\n\r\n<ul>\r\n<li><em>Feminino e Masculino\u202f5\u00a0km :\u00a016 anos a 29 anos<\/em>\u00a0<\/li>\r\n\r\n\r\n\r\n<li><em>Feminino e Masculino\u202f5\u00a0km:\u00a030 anos a 39 anos<\/em>\u00a0<\/li>\r\n\r\n\r\n\r\n<li><em>Feminino e Masculino\u202f5\u00a0km:\u00a040 anos a 49 anos<\/em>\u00a0<\/li>\r\n\r\n\r\n\r\n<li><em>Feminino e Masculino\u202f5\u00a0km:\u00a050 anos a 59 anos<\/em>\u00a0<\/li>\r\n\r\n\r\n\r\n<li><em><em>Feminino e Masculino\u202f5\u00a0km:\u00a060 anos a 69 anos<\/em><\/em><\/li>\r\n\r\n\r\n\r\n<li><em>Feminino e Masculino\u202f5\u00a0km:\u00a070 mais (acima de 70 anos)<\/em>\u00a0<\/li>\r\n<\/ul>\r\n\r\n\r\n\r\n<ul>\r\n<li><em>Feminino e Masculino 10\u00a0km:\u00a018 anos a 29 anos<\/em>\u00a0<\/li>\r\n\r\n\r\n\r\n<li><em>Feminino e Masculino 10\u00a0km:\u00a030 anos a 39 anos<\/em>\u00a0<\/li>\r\n\r\n\r\n\r\n<li><em>Feminino e Masculino 10\u00a0km:\u00a040 anos a 49 anos<\/em>\u00a0<\/li>\r\n\r\n\r\n\r\n<li><em>Feminino e Masculino 10\u00a0km:\u00a050 anos a 59 anos<\/em>\u00a0<\/li>\r\n\r\n\r\n\r\n<li><em>Feminino e Masculino 10\u00a0km:\u00a060 anos a 69 anos<\/em>\u00a0<\/li>\r\n\r\n\r\n\r\n<li><em>Feminino e Masculino 10\u00a0km:\u00a070 mais (acima de 70 anos)<\/em>\u00a0<\/li>\r\n<\/ul>\r\n\r\n\r\n\r\n<h4 class=\"wp-block-heading\"><strong>Premia\u00e7\u00e3o<\/strong>\u00a0<\/h4>\r\n\r\n\r\n\r\n<p>Trof\u00e9us: 1\u00ba ao 5\u00ba colocados na categoria geral masculina e na categoria geral feminina nas provas de 5 km e 10 km.\u00a0<\/p>\r\n\r\n\r\n\r\n<p>Trof\u00e9us: 1\u00ba colocado na categoria geral cadeirante masculina e na categoria geral cadeirante feminina nas provas de 5 km e 10 km.\u00a0<\/p>\r\n\r\n\r\n\r\n<p>Trof\u00e9us: 1\u00ba ao 3\u00ba colocados nas categoria faixa et\u00e1ria masculina e na categoria faixa et\u00e1ria feminina nas provas de 5 km e 10 km<strong>.<\/strong><\/p>\r\n\r\n\r\n\r\n<p>*O participante que se classificar na categoria geral de 5 km e 10 km, \u202f<strong>n\u00e3o acumular\u00e1<\/strong>\u202fa premia\u00e7\u00e3o em categorias.\u00a0<\/p>\r\n\r\n\r\n\r\n<p>Medalhas de participa\u00e7\u00e3o: Para todos os confirmados que completarem a prova dentro do previsto.\u00a0<\/p>\r\n\r\n\r\n\r\n<h4 class=\"wp-block-heading\"><strong>Atendimento M\u00e9dico<\/strong>\u00a0<\/h4>\r\n\r\n\r\n\r\n<p>A organiza\u00e7\u00e3o do evento disponibiliza o atendimento m\u00e9dico no local da prova (m\u00e9dicos, enfermeiros, ambul\u00e2ncia, etc.) para os primeiros socorros em caso de algum acidente que possa vir acontecer com os participantes. Caso seja necess\u00e1rio o atendimento hospitalar e medicamentoso, os custos ser\u00e3o de responsabilidade do participante.\u00a0<\/p>\r\n\r\n\r\n\r\n<h4 class=\"wp-block-heading\"><strong>Disposi\u00e7\u00f5es Gerais<\/strong>\u00a0<\/h4>\r\n\r\n\r\n\r\n<p><strong>A \u2013<\/strong>\u202fNo ato da inscri\u00e7\u00e3o, o atleta concordar\u00e1 com as condi\u00e7\u00f5es estipuladas neste regulamento e alegar\u00e1 suas perfeitas condi\u00e7\u00f5es f\u00edsicas e de sa\u00fade para participar da prova;\u00a0<\/p>\r\n\r\n\r\n\r\n<p><strong>B \u2013<\/strong>\u202fAs inscri\u00e7\u00f5es s\u00e3o pessoais e intransfer\u00edveis. Em caso de desist\u00eancia, falta de envio do Atestado M\u00e9dico ou Atestado M\u00e9dico n\u00e3o aceito pelo Sesc, a taxa de inscri\u00e7\u00e3o n\u00e3o ser\u00e1 reembolsada;\u00a0<\/p>\r\n\r\n\r\n\r\n<p><strong>C \u2013<\/strong>\u202fN\u00e3o ser\u00e3o realizadas devolu\u00e7\u00f5es de taxas de inscri\u00e7\u00e3o, exceto por motivo de for\u00e7a maior \u2013 les\u00e3o, acidente e cirurgia \u2013 comprovado por apresenta\u00e7\u00e3o de atestado m\u00e9dico que ser\u00e1 analisado pela comiss\u00e3o organizadora;\u00a0<\/p>\r\n\r\n\r\n\r\n<p><strong>D \u2013<\/strong>\u202fAtletas n\u00e3o inscritos n\u00e3o passar\u00e3o pelo funil de chegada e n\u00e3o ter\u00e3o seus resultados de prova; A organiza\u00e7\u00e3o da prova n\u00e3o se responsabiliza por qualquer acidente ou dano que esses atletas (n\u00e3o inscritos\/n\u00e3o confirmados) venham sofrer, antes, durante e ap\u00f3s o evento. Colabore e participe inscrito para usufruir dos benef\u00edcios da prova;\u00a0<\/p>\r\n\r\n\r\n\r\n<p><strong>E \u2013<\/strong>\u202fA organiza\u00e7\u00e3o da prova se reserva o direito de solicitar, a qualquer momento, a documenta\u00e7\u00e3o do atleta para fins de comprova\u00e7\u00e3o da idade do mesmo;\u00a0<\/p>\r\n\r\n\r\n\r\n<p><strong>F \u2013<\/strong>\u202fA organiza\u00e7\u00e3o da prova reserva-se o direito exclusivo de utilizar e comercializar fotos e filmagens oficiais da prova, com imagens dos participantes;\u00a0<\/p>\r\n\r\n\r\n\r\n<p><strong>G \u2013<\/strong>\u202fAs camisetas estar\u00e3o \u00e0 disposi\u00e7\u00e3o dos atletas nos tamanhos PP, P, M, G, GG, em quantidade limitada;\u00a0<\/p>\r\n\r\n\r\n\r\n<p><strong>H \u2013<\/strong>\u202fO atleta que n\u00e3o retirar seu chip ou que utiliz\u00e1-lo de maneira impr\u00f3pria (quando houver), n\u00e3o ter\u00e1 seu resultado registrado, sem direito a reclama\u00e7\u00e3o;\u00a0<\/p>\r\n\r\n\r\n\r\n<p><strong>I \u2013<\/strong>\u202fSer\u00e3o disponibilizados banheiros qu\u00edmicos (quando necess\u00e1rio) e guarda volumes no local de largada\/chegada da prova. A organiza\u00e7\u00e3o recomenda que n\u00e3o sejam levados objetos de valor para a prova;\u00a0<\/p>\r\n\r\n\r\n\r\n<p><strong>J \u2013<\/strong>\u202fA prova ser\u00e1 realizada com qualquer condi\u00e7\u00e3o clim\u00e1tica, desde que n\u00e3o coloque em risco a seguran\u00e7a dos participantes. Decis\u00e3o e condi\u00e7\u00e3o que ser\u00e1 julgada pelos coordenadores gerais da prova;\u00a0<\/p>\r\n\r\n\r\n\r\n<p><strong>K \u2013<\/strong>\u202f\u00c9 obrigat\u00f3rio o uso do numeral de corrida (frente do corpo e na altura do peito);\u00a0<\/p>\r\n\r\n\r\n\r\n<p><strong>L \u2013<\/strong>\u202fIndependente do controle de tr\u00e2nsito, os atletas dever\u00e3o manter-se dentro do percurso conforme orienta\u00e7\u00e3o dos fiscais. A n\u00e3o obedi\u00eancia poder\u00e1 levar \u00e0 desclassifica\u00e7\u00e3o do atleta;\u00a0<\/p>\r\n\r\n\r\n\r\n<p><strong>M \u2013<\/strong>\u202fQualquer atitude antidesportiva desclassificar\u00e1 o atleta da prova (ex: desacatar os fiscais, staffs e\/ou organizadores do evento, entre outros);\u00a0<\/p>\r\n\r\n\r\n\r\n<p><strong>N \u2013\u202f<\/strong>Os atletas n\u00e3o poder\u00e3o de forma alguma, utilizar acess\u00f3rios que auxiliem no desempenho da corrida, como tamb\u00e9m, n\u00e3o poder\u00e3o ser acompanhados por crian\u00e7as e\/ou treinadores e outras pessoas por meio de bicicleta. A n\u00e3o obedi\u00eancia poder\u00e1 levar \u00e0 desclassifica\u00e7\u00e3o do atleta;\u00a0<\/p>\r\n\r\n\r\n\r\n<p><strong>O \u2013<\/strong>\u202fA Confedera\u00e7\u00e3o Brasileira de Atletismo est\u00e1 isenta de quaisquer danos, preju\u00edzos e\/ou condena\u00e7\u00f5es decorrentes de responsabilidade civil contratual ou extracontratual decorrentes da prova;\u00a0<\/p>\r\n\r\n\r\n\r\n<p><strong>P \u2013<\/strong>\u202fResultado oficial: ser\u00e1 divulgado no site www.sescpr.com.br\/circuito;\u00a0<\/p>\r\n\r\n\r\n\r\n<p><strong>Q<\/strong> \u2013 Ao me inscrever na prova, autorizo a ORGANIZA\u00c7\u00c3O a realizar o tratamento de dados pessoais, para a finalidade de inscri\u00e7\u00e3o no Circuito Sesc Corridas e poss\u00edvel atendimento m\u00e9dico (caso necess\u00e1rio), sendo disponibilizado nome completo, data de nascimento, CPF, RG, Endere\u00e7o, Telefone de contato, e-mail e dados relacionadas \u00e0 sa\u00fade e integridade f\u00edsica, que nos termos da Lei 13709\/2018, em seu artigo 52, prev\u00ea penalidades quanto aos eventuais danos causados por parte da ORGANIZA\u00c7\u00c3O na hip\u00f3tese de vazamento de dados pessoais ou acessos n\u00e3o autorizados.<\/p>\r\n\r\n\r\n\r\n<p><strong>R \u2013<\/strong>\u202fOs casos omissos ser\u00e3o resolvidos pela comiss\u00e3o organizadora do evento.\u00a0<\/p>\r\n\r\n\r\n\r\n<h3 class=\"wp-block-heading\"><strong>REGULAMENTO CAMINHADA<\/strong>\u00a0<\/h3>\r\n\r\n\r\n\r\n<p>O presente regulamento cont\u00e9m as disposi\u00e7\u00f5es gerais para as etapas do Circuito Sesc de Corridas 2025, contemplando as informa\u00e7\u00f5es necess\u00e1rias para todas as realiza\u00e7\u00f5es. Sugerimos a leitura completa deste regulamento, para compreens\u00e3o geral de todo o processo que envolve cada realiza\u00e7\u00e3o.\u00a0<\/p>\r\n\r\n\r\n\r\n<h4 class=\"wp-block-heading\"><strong>Caminhada da Fam\u00edlia: Idade livre<\/strong>\u00a0<\/h4>\r\n\r\n\r\n\r\n<p>As pessoas que desejarem participar do evento Circuito Sesc de Corridas dever\u00e3o efetivar sua inscri\u00e7\u00e3o na internet ou em uma das unidades de servi\u00e7o do Sesc PR.\u00a0<\/p>\r\n\r\n\r\n\r\n<h4 class=\"wp-block-heading\"><strong>Data da Prova:\u202f<\/strong>Conforme calend\u00e1rio\u00a0<\/h4>\r\n\r\n\r\n\r\n<h5 class=\"wp-block-heading\"><strong>Hor\u00e1rio:<\/strong> \u202f8h30 ou conforme programa\u00e7\u00e3o de cada Unidade do Sesc\u00a0<\/h5>\r\n\r\n\r\n\r\n<h4 class=\"wp-block-heading\"><strong>Dist\u00e2ncia:<\/strong>\u202f2,5 km\u00a0<\/h4>\r\n\r\n\r\n\r\n<h4 class=\"wp-block-heading\"><strong>Posto de Hidrata\u00e7\u00e3o:<\/strong>\u202f1,5 Km e chegada\u00a0<\/h4>\r\n\r\n\r\n\r\n<h5 class=\"wp-block-heading\"><strong>Dica de Sa\u00fade<\/strong>\u00a0<\/h5>\r\n\r\n\r\n\r\n<p>Para o Sesc PR sua sa\u00fade e bem estar s\u00e3o de fundamental import\u00e2ncia, com isso, antes de se inscrever em uma prova pedestre ou caminhada fa\u00e7a uma avalia\u00e7\u00e3o m\u00e9dica e procure um profissional para avaliar sua aptid\u00e3o f\u00edsica.\u00a0<\/p>\r\n\r\n\r\n\r\n<h4 class=\"wp-block-heading\"><strong>Inscri\u00e7\u00f5es (aten\u00e7\u00e3o ao prazo m\u00e1ximo)<\/strong>\u00a0<\/h4>\r\n\r\n\r\n\r\n<ul>\r\n<li>At\u00e9 quarta-feira da semana do evento, ou antes, dessa data, em caso de preenchimento total das vagas limitadas. N\u00e3o ser\u00e3o realizadas inscri\u00e7\u00f5es posteriores \u00e0 data limite estipulada, salvo altera\u00e7\u00e3o determinada pela organiza\u00e7\u00e3o.\u00a0<\/li>\r\n<\/ul>\r\n\r\n\r\n\r\n<p>As inscri\u00e7\u00f5es s\u00e3o gratuitas, idade livre e\u202fn\u00e3o haver\u00e1 distribui\u00e7\u00e3o de kit atleta.\u00a0<\/p>\r\n\r\n\r\n\r\n<h4 class=\"wp-block-heading\"><strong>Premia\u00e7\u00e3o<\/strong>\u00a0<\/h4>\r\n\r\n\r\n\r\n<p>Medalhas de participa\u00e7\u00e3o: Para todos os\u202finscritos que completarem a prova.\u00a0<\/p>\r\n\r\n\r\n\r\n<h4 class=\"wp-block-heading\"><strong>Atendimento M\u00e9dico<\/strong>\u00a0<\/h4>\r\n\r\n\r\n\r\n<p>A organiza\u00e7\u00e3o do evento disponibiliza o atendimento m\u00e9dico no local da prova (m\u00e9dicos, enfermeiros, ambul\u00e2ncia, etc.) para os primeiros socorros em caso de algum acidente que possa vir acontecer com os participantes. Caso seja necess\u00e1rio o atendimento hospitalar e medicamentoso, os custos ser\u00e3o de responsabilidade do participante.\u00a0<\/p>\r\n\r\n\r\n\r\n<h3 class=\"wp-block-heading\"><strong>Disposi\u00e7\u00f5es Gerais<\/strong>\u00a0<\/h3>\r\n\r\n\r\n\r\n<p><strong>A\u202f<\/strong>\u2013 No ato da inscri\u00e7\u00e3o, o caminhante concordar\u00e1 com as condi\u00e7\u00f5es estipuladas neste regulamento e alegar\u00e1 que suas condi\u00e7\u00f5es f\u00edsicas e de sa\u00fade para participar do evento est\u00e3o normais;\u00a0<\/p>\r\n\r\n\r\n\r\n<p><strong>B<\/strong>\u202f\u2013 A organiza\u00e7\u00e3o da caminhada reserva-se o direito exclusivo de utilizar e comercializar fotos e filmagens oficiais, com imagens dos participantes;\u00a0<\/p>\r\n\r\n\r\n\r\n<p><strong>C\u202f<\/strong>\u2013 A caminhada ser\u00e1 realizada com qualquer condi\u00e7\u00e3o clim\u00e1tica, desde que n\u00e3o coloque em risco a seguran\u00e7a dos participantes. Decis\u00e3o e condi\u00e7\u00e3o que ser\u00e1 julgada pelos coordenadores gerais do evento;\u00a0<\/p>\r\n\r\n\r\n\r\n<p><strong>D<\/strong>\u202f\u2013 Ser\u00e3o disponibilizados banheiros qu\u00edmicos (quando necess\u00e1rio) e guarda volumes no local de largada\/chegada da caminhada. A organiza\u00e7\u00e3o recomenda que n\u00e3o sejam levados objetos de valor para a ocasi\u00e3o;\u00a0<\/p>\r\n\r\n\r\n\r\n<p><strong>E<\/strong>\u202f\u2013 Independente do controle de tr\u00e2nsito, os caminhantes dever\u00e3o manter-se dentro do percurso sem correr e respeitando orienta\u00e7\u00e3o dos fiscais;\u00a0<\/p>\r\n\r\n\r\n\r\n<p><strong>F \u2013<\/strong>\u202fA Confedera\u00e7\u00e3o Brasileira de Atletismo est\u00e1 isenta de quaisquer danos, preju\u00edzos e\/ou condena\u00e7\u00f5es decorrentes de responsabilidade civil contratual ou extracontratual decorrentes da caminhada;\u00a0<\/p>\r\n\r\n\r\n\r\n<p><strong>G<\/strong> \u2013 Ao me inscrever na prova, autorizo a ORGANIZA\u00c7\u00c3O a realizar o tratamento de dados pessoais, para a finalidade de inscri\u00e7\u00e3o no Circuito Sesc Corridas e poss\u00edvel atendimento m\u00e9dico (caso necess\u00e1rio), sendo disponibilizado nome completo, data de nascimento, CPF, RG, Endere\u00e7o, Telefone de contato, e-mail e dados relacionadas \u00e0 sa\u00fade e integridade f\u00edsica, que nos termos da Lei 13709\/2018, em seu artigo 52, prev\u00ea penalidades quanto aos eventuais danos causados por parte da ORGANIZA\u00c7\u00c3O na hip\u00f3tese de vazamento de dados pessoais ou acessos n\u00e3o autorizados.<\/p>\r\n\r\n\r\n\r\n<p><strong>H<\/strong>\u202f\u2013 Os casos omissos ser\u00e3o resolvidos pela comiss\u00e3o organizadora do evento.\u00a0<\/p>\r\n\r\n\r\n<div class=\"wp-block-archives-list wp-block-archives\">N\u00e3o h\u00e1 arquivos para mostrar.<\/div>\r\n\r\n<div class=\"wp-block-archives-list wp-block-archives\">N\u00e3o h\u00e1 arquivos para mostrar.<\/div>\r\n\r\n","protected":false},"excerpt":{"rendered":"<p>Circuito Sesc de Corridas Paran\u00e1 &nbsp; O presente regulamento cont\u00e9m as disposi\u00e7\u00f5es gerais para as etapas do Circuito Sesc de Corridas 2025, contemplando as informa\u00e7\u00f5es necess\u00e1rias para todas as realiza\u00e7\u00f5es. Sugerimos a leitura completa deste regulamento, para compreens\u00e3o geral de todo o processo que envolve cada realiza\u00e7\u00e3o. Para a Etapa de Corn\u00e9lio Proc\u00f3pio, consultar regulamento [&hellip;]<\/p>\n","protected":false},"author":1448,"featured_media":0,"parent":0,"menu_order":0,"comment_status":"open","ping_status":"closed","template":"","meta":{"footnotes":""},"_links":{"self":[{"href":"https:\/\/www.sescpr.com.br\/circuito\/wp-json\/wp\/v2\/pages\/5069"}],"collection":[{"href":"https:\/\/www.sescpr.com.br\/circuito\/wp-json\/wp\/v2\/pages"}],"about":[{"href":"https:\/\/www.sescpr.com.br\/circuito\/wp-json\/wp\/v2\/types\/page"}],"author":[{"embeddable":true,"href":"https:\/\/www.sescpr.com.br\/circuito\/wp-json\/wp\/v2\/users\/1448"}],"replies":[{"embeddable":true,"href":"https:\/\/www.sescpr.com.br\/circuito\/wp-json\/wp\/v2\/comments?post=5069"}],"version-history":[{"count":7,"href":"https:\/\/www.sescpr.com.br\/circuito\/wp-json\/wp\/v2\/pages\/5069\/revisions"}],"predecessor-version":[{"id":5373,"href":"https:\/\/www.sescpr.com.br\/circuito\/wp-json\/wp\/v2\/pages\/5069\/revisions\/5373"}],"wp:attachment":[{"href":"https:\/\/www.sescpr.com.br\/circuito\/wp-json\/wp\/v2\/media?parent=5069"}],"curies":[{"name":"wp","href":"https:\/\/api.w.org\/{rel}","templated":true}]}}